{"id":2827,"date":"2023-12-03T20:39:59","date_gmt":"2023-12-03T18:39:59","guid":{"rendered":"https:\/\/www.finieris.com\/?page_id=2827"},"modified":"2026-01-12T10:25:51","modified_gmt":"2026-01-12T08:25:51","slug":"atbalsts-ukrainai-2","status":"publish","type":"page","link":"https:\/\/www.finieris.com\/lv\/atbildiba\/socialas-iniciativas\/atbalsts-ukrainai-2\/","title":{"rendered":"Atbalsts Ukrainai"},"content":{"rendered":"<section id=\"hero-block_e5401c6264ba1004de28a8dd9511713e\"\n         class=\"block hero bg-image\"\n         data-hero-block>\n    <div class=\"hero-bg\" style=\" background-image: url(https:\/\/www.finieris.com\/wp-content\/uploads\/2024\/02\/Atbalsts-Ukrainai-desctop.jpg); \"><\/div>    <div class=\"container\">\n        <div class=\"row\">\n            <div class=\"col-12 col-lg-9 hero-content-wrap\">\n                <div class=\"hero-content\" data-aos=\"fade-in\" data-aos-duration=\"400\" data-aos-easing=\"ease-in-out\"><h1 class=\"title-style\"><span style=\"color: #ffffff;\">Atbalsts Ukrainas tautas br\u012bv\u012bbas c\u012b\u0146ai<br \/>\n<\/span><\/h1>\n<\/div>\n            <\/div>\n        <\/div>\n            <\/div>\n    <\/section>\n\n\n<section id=\"click-to-action-block_cf04ab65e159198f5a69624815814729\" class=\"block click-to-action bg-beige rounded-top-part\"\n    data-aos=\"fade-up\" data-aos-once=\"true\" data-aos-duration=\"500\">\n    <div class=\"container\" >\n                    <div class=\"click-to-action-wrapper\">\n                <div class=\"content\" data-aos=\"fade-in\" data-aos-duration=\"400\" data-aos-easing=\"ease-in-out\">\n                    <h3 style=\"text-align: left;\">Lai kar\u0161 tiktu izbeigts<\/h3>\n<p>\u201cLatvijas Finieris\u201d jau kop\u0161 pirm\u0101s kara dienas ir atbalst\u012bjis Ukrainas valsti un tautu, t\u0101s centienus sarg\u0101t br\u012bv\u012bbu, neatkar\u012bbu un dro\u0161\u012bbu. Nosodot Krievijas un Baltkrievijas kop\u012bgi s\u0101kto karu, koncerna \u00a0vad\u012bba 2022. gada 24. febru\u0101r\u012b pie\u0146\u0113ma vienbals\u012bgu l\u0113mumu par jebk\u0101du turpm\u0101ko attiec\u012bbu p\u0101rtrauk\u0161anu ar agresorvalstu tautsaimniec\u012bbu p\u0101rst\u0101vjiem. Tas attiec\u0101s gan uz izejmateri\u0101lu iepirkumiem, gan sapl\u0101k\u0161\u0146a produktu p\u0101rdo\u0161anu.<\/p>\n<p>M\u0113s ticam, ka kop\u0101 varam \u0161o \u013caunumu uzvar\u0113t, t\u0101p\u0113c turpin\u0101sim atbalst\u012bt Ukrainu, l\u012bdz kar\u0161 b\u016bs beidzies.<\/p>\n<p>Dro\u0161a, demokr\u0101tiska un br\u012bva valsts, ar sp\u0113c\u012bgu kult\u016bru, izgl\u012bt\u012bbu, zin\u0101tni un cilv\u0113kties\u012bb\u0101m ir v\u0113rt\u012bbas, kuras m\u0113s stiprin\u0101m gan sav\u0101 zem\u0113, gan \u0146emam v\u0113r\u0101, pie\u0161\u0137irot atbalstu agresoru post\u012btajai Ukrainai.<\/p>\n<p><strong>Kop\u0101 m\u0113s uzvar\u0113sim!<\/strong><\/p>\n                <\/div>\n                                    <div class=\"button-wrapper\">\n                        <div class=\"button-container\"><\/div>                    <\/div>\n                            <\/div>\n            <\/div>\n<\/section>\n\n\n<section id=\"image-slider-block_22fc3c8d44cbc5be6291c8c14572da1c\" class=\"block image-slider bg-sky-blue rounded-top-part slider\"\n    data-image-slider-block    data-aos=\"fade-up\" data-aos-once=\"true\" data-aos-duration=\"500\">\n    <div class=\"container\" >\n        <div class=\"row\">\n            <div class=\"col-12\">\n                            <div class=\"image-slider-count\">\n                    <p><span><\/span> \/ <span><\/span><\/p>\n                <\/div>\n                            <div class=\"image-slider-wrapper\">\n                                                                    <div class=\"image-item\">\n                                                        <img decoding=\"async\" width=\"2560\" height=\"1736\" src=\"https:\/\/www.finieris.com\/wp-content\/uploads\/2023\/12\/atbalsts-ukrainai-1-scaled.jpg\" class=\"attachment-full size-full\" alt=\"Kara ma\u0161\u012bna ar bru\u0146oto sp\u0113ku darbinieku\" srcset=\"https:\/\/www.finieris.com\/wp-content\/uploads\/2023\/12\/atbalsts-ukrainai-1-scaled.jpg 2560w, https:\/\/www.finieris.com\/wp-content\/uploads\/2023\/12\/atbalsts-ukrainai-1-300x203.jpg 300w, https:\/\/www.finieris.com\/wp-content\/uploads\/2023\/12\/atbalsts-ukrainai-1-1024x694.jpg 1024w, https:\/\/www.finieris.com\/wp-content\/uploads\/2023\/12\/atbalsts-ukrainai-1-768x521.jpg 768w, https:\/\/www.finieris.com\/wp-content\/uploads\/2023\/12\/atbalsts-ukrainai-1-1536x1041.jpg 1536w, https:\/\/www.finieris.com\/wp-content\/uploads\/2023\/12\/atbalsts-ukrainai-1-2048x1389.jpg 2048w, https:\/\/www.finieris.com\/wp-content\/uploads\/2023\/12\/atbalsts-ukrainai-1-600x407.jpg 600w\" sizes=\"(max-width: 2560px) 100vw, 2560px\" \/>                                                            <p class=\"small\"><\/p>\n                                                    <\/div>\n                                            <div class=\"image-item\">\n                                                        <img decoding=\"async\" width=\"2560\" height=\"1707\" src=\"https:\/\/www.finieris.com\/wp-content\/uploads\/2023\/12\/atbalsts-ukrainai-2-scaled.jpg\" class=\"attachment-full size-full\" alt=\"Cilv\u0113ki s\u0113\u017e un gu\u013c uz k\u0101pn\u0113m metro stacij\u0101\" srcset=\"https:\/\/www.finieris.com\/wp-content\/uploads\/2023\/12\/atbalsts-ukrainai-2-scaled.jpg 2560w, https:\/\/www.finieris.com\/wp-content\/uploads\/2023\/12\/atbalsts-ukrainai-2-300x200.jpg 300w, https:\/\/www.finieris.com\/wp-content\/uploads\/2023\/12\/atbalsts-ukrainai-2-1024x683.jpg 1024w, https:\/\/www.finieris.com\/wp-content\/uploads\/2023\/12\/atbalsts-ukrainai-2-768x512.jpg 768w, https:\/\/www.finieris.com\/wp-content\/uploads\/2023\/12\/atbalsts-ukrainai-2-1536x1024.jpg 1536w, https:\/\/www.finieris.com\/wp-content\/uploads\/2023\/12\/atbalsts-ukrainai-2-2048x1366.jpg 2048w, https:\/\/www.finieris.com\/wp-content\/uploads\/2023\/12\/atbalsts-ukrainai-2-600x400.jpg 600w\" sizes=\"(max-width: 2560px) 100vw, 2560px\" \/>                                                            <p class=\"small\"><\/p>\n                                                    <\/div>\n                                            <div class=\"image-item\">\n                                                        <img decoding=\"async\" width=\"2560\" height=\"1708\" src=\"https:\/\/www.finieris.com\/wp-content\/uploads\/2023\/12\/atbalsts-ukrainai-3-scaled.jpg\" class=\"attachment-full size-full\" alt=\"Meitene att\u0113lo Banksy sienas gleznojumu Kijev\u0101\" srcset=\"https:\/\/www.finieris.com\/wp-content\/uploads\/2023\/12\/atbalsts-ukrainai-3-scaled.jpg 2560w, https:\/\/www.finieris.com\/wp-content\/uploads\/2023\/12\/atbalsts-ukrainai-3-300x200.jpg 300w, https:\/\/www.finieris.com\/wp-content\/uploads\/2023\/12\/atbalsts-ukrainai-3-1024x683.jpg 1024w, https:\/\/www.finieris.com\/wp-content\/uploads\/2023\/12\/atbalsts-ukrainai-3-768x513.jpg 768w, https:\/\/www.finieris.com\/wp-content\/uploads\/2023\/12\/atbalsts-ukrainai-3-1536x1025.jpg 1536w, https:\/\/www.finieris.com\/wp-content\/uploads\/2023\/12\/atbalsts-ukrainai-3-2048x1367.jpg 2048w, https:\/\/www.finieris.com\/wp-content\/uploads\/2023\/12\/atbalsts-ukrainai-3-600x400.jpg 600w\" sizes=\"(max-width: 2560px) 100vw, 2560px\" \/>                                                            <p class=\"small\"><\/p>\n                                                    <\/div>\n                                            <div class=\"image-item\">\n                                                        <img decoding=\"async\" width=\"2560\" height=\"1707\" src=\"https:\/\/www.finieris.com\/wp-content\/uploads\/2023\/12\/atbalsts-ukrainai-4-scaled.jpg\" class=\"attachment-full size-full\" alt=\"V\u012brie\u0161a seja, kas ap\u0161\u013cakst\u012bta ar dub\u013ciem, tuvpl\u0101n\u0101\" srcset=\"https:\/\/www.finieris.com\/wp-content\/uploads\/2023\/12\/atbalsts-ukrainai-4-scaled.jpg 2560w, https:\/\/www.finieris.com\/wp-content\/uploads\/2023\/12\/atbalsts-ukrainai-4-300x200.jpg 300w, https:\/\/www.finieris.com\/wp-content\/uploads\/2023\/12\/atbalsts-ukrainai-4-1024x683.jpg 1024w, https:\/\/www.finieris.com\/wp-content\/uploads\/2023\/12\/atbalsts-ukrainai-4-768x512.jpg 768w, https:\/\/www.finieris.com\/wp-content\/uploads\/2023\/12\/atbalsts-ukrainai-4-1536x1024.jpg 1536w, https:\/\/www.finieris.com\/wp-content\/uploads\/2023\/12\/atbalsts-ukrainai-4-2048x1366.jpg 2048w, https:\/\/www.finieris.com\/wp-content\/uploads\/2023\/12\/atbalsts-ukrainai-4-600x400.jpg 600w\" sizes=\"(max-width: 2560px) 100vw, 2560px\" \/>                                                            <p class=\"small\"><\/p>\n                                                    <\/div>\n                                            <div class=\"image-item\">\n                                                            <h4><\/h4>\n                                                        <img decoding=\"async\" width=\"2560\" height=\"1707\" src=\"https:\/\/www.finieris.com\/wp-content\/uploads\/2023\/12\/atbalsts-ukrainai-5-scaled.jpg\" class=\"attachment-full size-full\" alt=\"Sporta z\u0101le pilna ar gu\u013camviet\u0101m uz zemes, no kur\u0101m da\u017e\u0101s gu\u013c cilv\u0113ki\" srcset=\"https:\/\/www.finieris.com\/wp-content\/uploads\/2023\/12\/atbalsts-ukrainai-5-scaled.jpg 2560w, https:\/\/www.finieris.com\/wp-content\/uploads\/2023\/12\/atbalsts-ukrainai-5-300x200.jpg 300w, https:\/\/www.finieris.com\/wp-content\/uploads\/2023\/12\/atbalsts-ukrainai-5-1024x683.jpg 1024w, https:\/\/www.finieris.com\/wp-content\/uploads\/2023\/12\/atbalsts-ukrainai-5-768x512.jpg 768w, https:\/\/www.finieris.com\/wp-content\/uploads\/2023\/12\/atbalsts-ukrainai-5-1536x1024.jpg 1536w, https:\/\/www.finieris.com\/wp-content\/uploads\/2023\/12\/atbalsts-ukrainai-5-2048x1365.jpg 2048w, https:\/\/www.finieris.com\/wp-content\/uploads\/2023\/12\/atbalsts-ukrainai-5-600x400.jpg 600w\" sizes=\"(max-width: 2560px) 100vw, 2560px\" \/>                                                            <p class=\"small\"><\/p>\n                                                    <\/div>\n                                            <div class=\"image-item\">\n                                                        <img decoding=\"async\" width=\"2560\" height=\"1708\" src=\"https:\/\/www.finieris.com\/wp-content\/uploads\/2023\/12\/atbalsts-ukrainai-6-scaled.jpg\" class=\"attachment-full size-full\" alt=\"Sagrautai daudzdz\u012bvok\u013cu \u0113kai, kurai uz jumta ir Ukrainas karogs, lido p\u0101ri daudz balo\u017ei\" srcset=\"https:\/\/www.finieris.com\/wp-content\/uploads\/2023\/12\/atbalsts-ukrainai-6-scaled.jpg 2560w, https:\/\/www.finieris.com\/wp-content\/uploads\/2023\/12\/atbalsts-ukrainai-6-300x200.jpg 300w, https:\/\/www.finieris.com\/wp-content\/uploads\/2023\/12\/atbalsts-ukrainai-6-1024x683.jpg 1024w, https:\/\/www.finieris.com\/wp-content\/uploads\/2023\/12\/atbalsts-ukrainai-6-768x513.jpg 768w, https:\/\/www.finieris.com\/wp-content\/uploads\/2023\/12\/atbalsts-ukrainai-6-1536x1025.jpg 1536w, https:\/\/www.finieris.com\/wp-content\/uploads\/2023\/12\/atbalsts-ukrainai-6-2048x1367.jpg 2048w, https:\/\/www.finieris.com\/wp-content\/uploads\/2023\/12\/atbalsts-ukrainai-6-600x400.jpg 600w\" sizes=\"(max-width: 2560px) 100vw, 2560px\" \/>                                                            <p class=\"small\"><\/p>\n                                                    <\/div>\n                                            <div class=\"image-item\">\n                                                        <img decoding=\"async\" width=\"2560\" height=\"1707\" src=\"https:\/\/www.finieris.com\/wp-content\/uploads\/2023\/12\/atbalsts-ukrainai-7-scaled.jpg\" class=\"attachment-full size-full\" alt=\"Divi bru\u0146oto sp\u0113ku darbinieki st\u0101v pie lielas kaudzes ar ra\u0137e\u0161u atliek\u0101m\" srcset=\"https:\/\/www.finieris.com\/wp-content\/uploads\/2023\/12\/atbalsts-ukrainai-7-scaled.jpg 2560w, https:\/\/www.finieris.com\/wp-content\/uploads\/2023\/12\/atbalsts-ukrainai-7-300x200.jpg 300w, https:\/\/www.finieris.com\/wp-content\/uploads\/2023\/12\/atbalsts-ukrainai-7-1024x683.jpg 1024w, https:\/\/www.finieris.com\/wp-content\/uploads\/2023\/12\/atbalsts-ukrainai-7-768x512.jpg 768w, https:\/\/www.finieris.com\/wp-content\/uploads\/2023\/12\/atbalsts-ukrainai-7-1536x1024.jpg 1536w, https:\/\/www.finieris.com\/wp-content\/uploads\/2023\/12\/atbalsts-ukrainai-7-2048x1365.jpg 2048w, https:\/\/www.finieris.com\/wp-content\/uploads\/2023\/12\/atbalsts-ukrainai-7-600x400.jpg 600w\" sizes=\"(max-width: 2560px) 100vw, 2560px\" \/>                                                            <p class=\"small\"><\/p>\n                                                    <\/div>\n                                                        <\/div>\n            <\/div>\n        <\/div>\n    <\/div>\n<\/section>\n\n\n<section id=\"content-tabs-block_0bbd3467bd7e4f18171be7c8a9bf5437\" class=\"block content-tabs bg-white rounded-top-part\"\n        data-aos=\"fade-up\" data-aos-once=\"true\" data-aos-duration=\"500\"         data-content-tabs-block>\n    <div class=\"container\" >\n        <div class=\"row\">\n            <div class=\"col-12 col-lg-6\">\n                <h2 class=\"content-tabs-title\" data-aos=\"fade-in\" data-aos-duration=\"400\" data-aos-easing=\"ease-in-out\">Atbalsta virzieni<\/h2>\n                \n            <\/div>\n            <div class=\"col-12 col-lg-6\">\n                                    <div class=\"content-tabs-description\" data-aos=\"fade-in\" data-aos-duration=\"400\" data-aos-easing=\"ease-in-out\">\n                        M\u016bsu atbalsta sist\u0113ma ir sasaist\u012bta ar koncerna r\u016bpn\u012bc\u0101s p\u0101rstr\u0101d\u0101to apa\u013ckoku apjomu \u2014 5 eiro par katru kubikmetru. Varam pal\u012bdz\u0113t, ja pa\u0161i esam stipri, sp\u0113jam netrauc\u0113ti str\u0101d\u0101t un nopeln\u012bt l\u012bdzek\u013cus.                    <\/div>\n                            <\/div>\n        <\/div>\n                <div class=\"row alternative\">\n            <div class=\"col col-lg-6\">\n                <div class=\"tab-list desktop\">\n                                                            <div class=\"tab-list-item active\"\n                             tabindex=\"0\"\n                             aria-expanded=\"false\"\n                             aria-controls=\"tab-0\"\n                             data-tab-target=\"tab-0\" data-aos=\"fade-up\" data-aos-duration=\"400\" data-aos-easing=\"ease-in-out\">\n                            <div class=\"item-header\">\n                                <h4 class=\"color-reset\">Civiliedz\u012bvot\u0101jiem un kara b\u0113g\u013ciem<\/h4>\n                                <button class=\"item-toggle\" tabindex=\"-1\">\n                                    <svg xmlns=\"http:\/\/www.w3.org\/2000\/svg\" viewBox=\"0 0 20 20\" width=\"20\" height=\"20\" fill=\"none\"><path stroke=\"currentColor\" stroke-miterlimit=\"10\" stroke-width=\"1.2\" d=\"m2 7.475 6.178 6.287a2.558 2.558 0 0 0 3.644 0L18 7.475\"\/><\/svg>\n                                <\/button>\n                            <\/div>\n                        <\/div>\n                                                                    <div class=\"tab-list-item \"\n                             tabindex=\"0\"\n                             aria-expanded=\"false\"\n                             aria-controls=\"tab-1\"\n                             data-tab-target=\"tab-1\" data-aos=\"fade-up\" data-aos-duration=\"400\" data-aos-easing=\"ease-in-out\">\n                            <div class=\"item-header\">\n                                <h4 class=\"color-reset\">Bru\u0146otajiem sp\u0113kiem<\/h4>\n                                <button class=\"item-toggle\" tabindex=\"-1\">\n                                    <svg xmlns=\"http:\/\/www.w3.org\/2000\/svg\" viewBox=\"0 0 20 20\" width=\"20\" height=\"20\" fill=\"none\"><path stroke=\"currentColor\" stroke-miterlimit=\"10\" stroke-width=\"1.2\" d=\"m2 7.475 6.178 6.287a2.558 2.558 0 0 0 3.644 0L18 7.475\"\/><\/svg>\n                                <\/button>\n                            <\/div>\n                        <\/div>\n                                                                    <div class=\"tab-list-item \"\n                             tabindex=\"0\"\n                             aria-expanded=\"false\"\n                             aria-controls=\"tab-2\"\n                             data-tab-target=\"tab-2\" data-aos=\"fade-up\" data-aos-duration=\"400\" data-aos-easing=\"ease-in-out\">\n                            <div class=\"item-header\">\n                                <h4 class=\"color-reset\">Gl\u0101b\u0113jiem un ugunsdz\u0113s\u0113jiem<\/h4>\n                                <button class=\"item-toggle\" tabindex=\"-1\">\n                                    <svg xmlns=\"http:\/\/www.w3.org\/2000\/svg\" viewBox=\"0 0 20 20\" width=\"20\" height=\"20\" fill=\"none\"><path stroke=\"currentColor\" stroke-miterlimit=\"10\" stroke-width=\"1.2\" d=\"m2 7.475 6.178 6.287a2.558 2.558 0 0 0 3.644 0L18 7.475\"\/><\/svg>\n                                <\/button>\n                            <\/div>\n                        <\/div>\n                                                                    <div class=\"tab-list-item \"\n                             tabindex=\"0\"\n                             aria-expanded=\"false\"\n                             aria-controls=\"tab-3\"\n                             data-tab-target=\"tab-3\" data-aos=\"fade-up\" data-aos-duration=\"400\" data-aos-easing=\"ease-in-out\">\n                            <div class=\"item-header\">\n                                <h4 class=\"color-reset\">Medi\u0137iem<\/h4>\n                                <button class=\"item-toggle\" tabindex=\"-1\">\n                                    <svg xmlns=\"http:\/\/www.w3.org\/2000\/svg\" viewBox=\"0 0 20 20\" width=\"20\" height=\"20\" fill=\"none\"><path stroke=\"currentColor\" stroke-miterlimit=\"10\" stroke-width=\"1.2\" d=\"m2 7.475 6.178 6.287a2.558 2.558 0 0 0 3.644 0L18 7.475\"\/><\/svg>\n                                <\/button>\n                            <\/div>\n                        <\/div>\n                                                                    <div class=\"tab-list-item \"\n                             tabindex=\"0\"\n                             aria-expanded=\"false\"\n                             aria-controls=\"tab-4\"\n                             data-tab-target=\"tab-4\" data-aos=\"fade-up\" data-aos-duration=\"400\" data-aos-easing=\"ease-in-out\">\n                            <div class=\"item-header\">\n                                <h4 class=\"color-reset\">Kult\u016brv\u0113sturisk\u0101 mantojuma saglab\u0101\u0161anai<\/h4>\n                                <button class=\"item-toggle\" tabindex=\"-1\">\n                                    <svg xmlns=\"http:\/\/www.w3.org\/2000\/svg\" viewBox=\"0 0 20 20\" width=\"20\" height=\"20\" fill=\"none\"><path stroke=\"currentColor\" stroke-miterlimit=\"10\" stroke-width=\"1.2\" d=\"m2 7.475 6.178 6.287a2.558 2.558 0 0 0 3.644 0L18 7.475\"\/><\/svg>\n                                <\/button>\n                            <\/div>\n                        <\/div>\n                                                                    <div class=\"tab-list-item \"\n                             tabindex=\"0\"\n                             aria-expanded=\"false\"\n                             aria-controls=\"tab-5\"\n                             data-tab-target=\"tab-5\" data-aos=\"fade-up\" data-aos-duration=\"400\" data-aos-easing=\"ease-in-out\">\n                            <div class=\"item-header\">\n                                <h4 class=\"color-reset\">Neatkar\u012bgas un kvalitat\u012bvas inform\u0101cijas apritei<\/h4>\n                                <button class=\"item-toggle\" tabindex=\"-1\">\n                                    <svg xmlns=\"http:\/\/www.w3.org\/2000\/svg\" viewBox=\"0 0 20 20\" width=\"20\" height=\"20\" fill=\"none\"><path stroke=\"currentColor\" stroke-miterlimit=\"10\" stroke-width=\"1.2\" d=\"m2 7.475 6.178 6.287a2.558 2.558 0 0 0 3.644 0L18 7.475\"\/><\/svg>\n                                <\/button>\n                            <\/div>\n                        <\/div>\n                                                                    <div class=\"tab-list-item \"\n                             tabindex=\"0\"\n                             aria-expanded=\"false\"\n                             aria-controls=\"tab-6\"\n                             data-tab-target=\"tab-6\" data-aos=\"fade-up\" data-aos-duration=\"400\" data-aos-easing=\"ease-in-out\">\n                            <div class=\"item-header\">\n                                <h4 class=\"color-reset\">Demokr\u0101tiju un vienot\u012bbu uzturo\u0161u organiz\u0101ciju darb\u012bbai<\/h4>\n                                <button class=\"item-toggle\" tabindex=\"-1\">\n                                    <svg xmlns=\"http:\/\/www.w3.org\/2000\/svg\" viewBox=\"0 0 20 20\" width=\"20\" height=\"20\" fill=\"none\"><path stroke=\"currentColor\" stroke-miterlimit=\"10\" stroke-width=\"1.2\" d=\"m2 7.475 6.178 6.287a2.558 2.558 0 0 0 3.644 0L18 7.475\"\/><\/svg>\n                                <\/button>\n                            <\/div>\n                        <\/div>\n                                                                            <\/div>\n                            <\/div>\n            <div class=\"col-12 col-lg-6\">\n                <div class=\"tab-list\">\n                                                            <div class=\"tab-list-item active\"\n                             data-tab-item=\"tab-0\">\n                            <div class=\"item-header\" tabindex=\"0\"\n                                 aria-expanded=\"false\"\n                                 aria-controls=\"tab-0\">\n                                <h4 class=\"color-reset\">Civiliedz\u012bvot\u0101jiem un kara b\u0113g\u013ciem<\/h4>\n                                <button class=\"item-toggle\" tabindex=\"-1\">\n                                    <svg xmlns=\"http:\/\/www.w3.org\/2000\/svg\" viewBox=\"0 0 20 20\" width=\"20\" height=\"20\" fill=\"none\"><path stroke=\"currentColor\" stroke-miterlimit=\"10\" stroke-width=\"1.2\" d=\"m2 7.475 6.178 6.287a2.558 2.558 0 0 0 3.644 0L18 7.475\"\/><\/svg>\n                                <\/button>\n                            <\/div>\n                            <div class=\"item-content\">\n                                <img decoding=\"async\" width=\"1024\" height=\"683\" src=\"https:\/\/www.finieris.com\/wp-content\/uploads\/2023\/12\/atbalsts-ukrainai-2-1024x683.jpg\" class=\"attachment-large size-large\" alt=\"Cilv\u0113ki s\u0113\u017e un gu\u013c uz k\u0101pn\u0113m metro stacij\u0101\" srcset=\"https:\/\/www.finieris.com\/wp-content\/uploads\/2023\/12\/atbalsts-ukrainai-2-1024x683.jpg 1024w, https:\/\/www.finieris.com\/wp-content\/uploads\/2023\/12\/atbalsts-ukrainai-2-300x200.jpg 300w, https:\/\/www.finieris.com\/wp-content\/uploads\/2023\/12\/atbalsts-ukrainai-2-768x512.jpg 768w, https:\/\/www.finieris.com\/wp-content\/uploads\/2023\/12\/atbalsts-ukrainai-2-1536x1024.jpg 1536w, https:\/\/www.finieris.com\/wp-content\/uploads\/2023\/12\/atbalsts-ukrainai-2-2048x1366.jpg 2048w, https:\/\/www.finieris.com\/wp-content\/uploads\/2023\/12\/atbalsts-ukrainai-2-600x400.jpg 600w\" sizes=\"(max-width: 1024px) 100vw, 1024px\" \/><p>Civiliedz\u012bvot\u0101ju atbalstam komplekt\u0113tas daudzveid\u012bgas humanit\u0101r\u0101s pal\u012bdz\u012bbas kravas. Piem\u0113ram, civil\u0101s p\u0101rtikas komplekti, higi\u0113nas preces, degvielas tvertnes, kokskaidu briketes u.c. kara apst\u0101k\u013cos nepiecie\u0161amas lietas. Savuk\u0101rt no &#8220;Latvijas Finiera&#8221; b\u0113rza sapl\u0101k\u0161\u0146a izgatavotas mobil\u0101s gultas, ko bez skr\u016bv\u0113m iesp\u0113jams salikt 2 min\u016b\u0161u laik\u0101. Ar t\u0101m apr\u012bkotas bumbu patvertnes Krievijas armijas uzlidojumu laik\u0101.<\/p>\n                            <\/div>\n                        <\/div>\n                                                                    <div class=\"tab-list-item \"\n                             data-tab-item=\"tab-1\">\n                            <div class=\"item-header\" tabindex=\"0\"\n                                 aria-expanded=\"false\"\n                                 aria-controls=\"tab-1\">\n                                <h4 class=\"color-reset\">Bru\u0146otajiem sp\u0113kiem<\/h4>\n                                <button class=\"item-toggle\" tabindex=\"-1\">\n                                    <svg xmlns=\"http:\/\/www.w3.org\/2000\/svg\" viewBox=\"0 0 20 20\" width=\"20\" height=\"20\" fill=\"none\"><path stroke=\"currentColor\" stroke-miterlimit=\"10\" stroke-width=\"1.2\" d=\"m2 7.475 6.178 6.287a2.558 2.558 0 0 0 3.644 0L18 7.475\"\/><\/svg>\n                                <\/button>\n                            <\/div>\n                            <div class=\"item-content\">\n                                <img decoding=\"async\" width=\"1024\" height=\"576\" src=\"https:\/\/www.finieris.com\/wp-content\/uploads\/2023\/12\/atbalsts-UA-brunotajiem-spekiem-1024x576.jpg\" class=\"attachment-large size-large\" alt=\"Ukrainas karogs uz bru\u0146oto sp\u0113ku uniformas\" srcset=\"https:\/\/www.finieris.com\/wp-content\/uploads\/2023\/12\/atbalsts-UA-brunotajiem-spekiem-1024x576.jpg 1024w, https:\/\/www.finieris.com\/wp-content\/uploads\/2023\/12\/atbalsts-UA-brunotajiem-spekiem-300x169.jpg 300w, https:\/\/www.finieris.com\/wp-content\/uploads\/2023\/12\/atbalsts-UA-brunotajiem-spekiem-768x432.jpg 768w, https:\/\/www.finieris.com\/wp-content\/uploads\/2023\/12\/atbalsts-UA-brunotajiem-spekiem-1536x864.jpg 1536w, https:\/\/www.finieris.com\/wp-content\/uploads\/2023\/12\/atbalsts-UA-brunotajiem-spekiem-600x338.jpg 600w, https:\/\/www.finieris.com\/wp-content\/uploads\/2023\/12\/atbalsts-UA-brunotajiem-spekiem.jpg 1920w\" sizes=\"(max-width: 1024px) 100vw, 1024px\" \/><p>Ar &#8220;Latvijas Finiera&#8221; atbalstu Ukrainas milit\u0101ro sp\u0113ku vajadz\u012bb\u0101m izgatavoti vair\u0101k nek\u0101 1200 formas t\u0113rpu komplekti (500 ziemas un 700 vasaras), pieg\u0101d\u0101tas milit\u0101r\u0101 apr\u012bkojuma kravas ar uzl\u0101des stacij\u0101m un autonomiem saules uzl\u0101des pane\u013ciem, mun\u012bciju, optisk\u0101m ier\u012bc\u0113m, motoru un transmisijas e\u013c\u013c\u0101m, karav\u012bru uzturdevas (Meals Ready to Eat) un cita veida ekip\u0113jums.<\/p>\n                            <\/div>\n                        <\/div>\n                                                                    <div class=\"tab-list-item \"\n                             data-tab-item=\"tab-2\">\n                            <div class=\"item-header\" tabindex=\"0\"\n                                 aria-expanded=\"false\"\n                                 aria-controls=\"tab-2\">\n                                <h4 class=\"color-reset\">Gl\u0101b\u0113jiem un ugunsdz\u0113s\u0113jiem<\/h4>\n                                <button class=\"item-toggle\" tabindex=\"-1\">\n                                    <svg xmlns=\"http:\/\/www.w3.org\/2000\/svg\" viewBox=\"0 0 20 20\" width=\"20\" height=\"20\" fill=\"none\"><path stroke=\"currentColor\" stroke-miterlimit=\"10\" stroke-width=\"1.2\" d=\"m2 7.475 6.178 6.287a2.558 2.558 0 0 0 3.644 0L18 7.475\"\/><\/svg>\n                                <\/button>\n                            <\/div>\n                            <div class=\"item-content\">\n                                <img decoding=\"async\" width=\"1024\" height=\"683\" src=\"https:\/\/www.finieris.com\/wp-content\/uploads\/2023\/12\/atbalsts-ukrainai-6-1024x683.jpg\" class=\"attachment-large size-large\" alt=\"Sagrautai daudzdz\u012bvok\u013cu \u0113kai, kurai uz jumta ir Ukrainas karogs, lido p\u0101ri daudz balo\u017ei\" srcset=\"https:\/\/www.finieris.com\/wp-content\/uploads\/2023\/12\/atbalsts-ukrainai-6-1024x683.jpg 1024w, https:\/\/www.finieris.com\/wp-content\/uploads\/2023\/12\/atbalsts-ukrainai-6-300x200.jpg 300w, https:\/\/www.finieris.com\/wp-content\/uploads\/2023\/12\/atbalsts-ukrainai-6-768x513.jpg 768w, https:\/\/www.finieris.com\/wp-content\/uploads\/2023\/12\/atbalsts-ukrainai-6-1536x1025.jpg 1536w, https:\/\/www.finieris.com\/wp-content\/uploads\/2023\/12\/atbalsts-ukrainai-6-2048x1367.jpg 2048w, https:\/\/www.finieris.com\/wp-content\/uploads\/2023\/12\/atbalsts-ukrainai-6-600x400.jpg 600w\" sizes=\"(max-width: 1024px) 100vw, 1024px\" \/><p>Ukrainas gl\u0101b\u0113jiem ziedots ap\u0123\u0113rbs, z\u0101baki, \u0137iveres, \u0137\u012bmisk\u0101s aizsardz\u012bbas t\u0113rpi, g\u0101zmaskas, \u016bdens s\u016bk\u0146u dzin\u0113ji, droni, termokameras, visurg\u0101j\u0113ji, ugunsdz\u0113s\u012bbas un gl\u0101b\u0161anas automa\u0161\u012bnas, elektriskie \u0123eneratori, l\u0101d\u0113t\u0101ji-akumulatori (power bank), u.c. gl\u0101b\u0113jiem nepiecie\u0161am\u0101s lietas. Ar Igaunijas Valsts aizsardz\u012bbas veicin\u0101\u0161anas fonda pal\u012bdz\u012bbu (Riigikaitse Edendamise Sihtasutus) ziedotas z\u0101les un medic\u012bnisk\u0101s preces, piln\u012bb\u0101 apr\u012bkotas \u0101tr\u0101s pal\u012bdz\u012bbas ma\u0161\u012bnas, pirm\u0101s pal\u012bdz\u012bbas paketes, \u0123eneratori, termove\u013ca, ziemas cimdi, str\u0101vas bankas un ziemas ekip\u0113jums c\u012bn\u012bt\u0101jiem.<\/p>\n                            <\/div>\n                        <\/div>\n                                                                    <div class=\"tab-list-item \"\n                             data-tab-item=\"tab-3\">\n                            <div class=\"item-header\" tabindex=\"0\"\n                                 aria-expanded=\"false\"\n                                 aria-controls=\"tab-3\">\n                                <h4 class=\"color-reset\">Medi\u0137iem<\/h4>\n                                <button class=\"item-toggle\" tabindex=\"-1\">\n                                    <svg xmlns=\"http:\/\/www.w3.org\/2000\/svg\" viewBox=\"0 0 20 20\" width=\"20\" height=\"20\" fill=\"none\"><path stroke=\"currentColor\" stroke-miterlimit=\"10\" stroke-width=\"1.2\" d=\"m2 7.475 6.178 6.287a2.558 2.558 0 0 0 3.644 0L18 7.475\"\/><\/svg>\n                                <\/button>\n                            <\/div>\n                            <div class=\"item-content\">\n                                <img decoding=\"async\" width=\"1024\" height=\"683\" src=\"https:\/\/www.finieris.com\/wp-content\/uploads\/2023\/12\/atbalsts-ukrainai-5-1024x683.jpg\" class=\"attachment-large size-large\" alt=\"Sporta z\u0101le pilna ar gu\u013camviet\u0101m uz zemes, no kur\u0101m da\u017e\u0101s gu\u013c cilv\u0113ki\" srcset=\"https:\/\/www.finieris.com\/wp-content\/uploads\/2023\/12\/atbalsts-ukrainai-5-1024x683.jpg 1024w, https:\/\/www.finieris.com\/wp-content\/uploads\/2023\/12\/atbalsts-ukrainai-5-300x200.jpg 300w, https:\/\/www.finieris.com\/wp-content\/uploads\/2023\/12\/atbalsts-ukrainai-5-768x512.jpg 768w, https:\/\/www.finieris.com\/wp-content\/uploads\/2023\/12\/atbalsts-ukrainai-5-1536x1024.jpg 1536w, https:\/\/www.finieris.com\/wp-content\/uploads\/2023\/12\/atbalsts-ukrainai-5-2048x1365.jpg 2048w, https:\/\/www.finieris.com\/wp-content\/uploads\/2023\/12\/atbalsts-ukrainai-5-600x400.jpg 600w\" sizes=\"(max-width: 1024px) 100vw, 1024px\" \/><p>Smagu rokas traumu savlaic\u012bga un pareiza \u0101rst\u0113\u0161ana samazina invalidit\u0101ti, t\u0101p\u0113c pateicoties &#8220;Latvijas Finiera&#8221; ziedojumam nodro\u0161in\u0101ts ekip\u0113jums Latvijas mikro\u0137irur\u0123ijas mobilai vien\u012bbai, kas str\u0101d\u0101ja Ukrain\u0101. Ukrain\u0101 g\u016bt\u0101 pieredze ir izmantojama ar\u012b Latvij\u0101 gan praktisk\u0101s pal\u012bdz\u012bbas snieg\u0161anai, gan apm\u0101c\u012bbai. T\u0101pat \u201cLatvijas Finieris\u201d ir atbalst\u012bjis medic\u012bnas speci\u0101listus Ukrain\u0101 \u201cCatastrophic Hand Unit Ukraine\u201d un medic\u012bnisk\u0101s un hum\u0101n\u0101s pal\u012bdz\u012bbas pieejam\u012bbu ukrai\u0146u kara b\u0113g\u013ciem Latvij\u0101 sadarb\u012bb\u0101 ar nodibin\u0101jumu \u201cRonald McDonald House Charities Latvija\u201d, Paula Stradi\u0146a kl\u012bnisk\u0101s universit\u0101tes slimn\u012bcas att\u012bst\u012bbas biedr\u012bbu, Br\u016b\u010du un izgul\u0113jumu apvien\u012bbu, Latvijas B\u0113rnu fondu.<\/p>\n                            <\/div>\n                        <\/div>\n                                                                    <div class=\"tab-list-item \"\n                             data-tab-item=\"tab-4\">\n                            <div class=\"item-header\" tabindex=\"0\"\n                                 aria-expanded=\"false\"\n                                 aria-controls=\"tab-4\">\n                                <h4 class=\"color-reset\">Kult\u016brv\u0113sturisk\u0101 mantojuma saglab\u0101\u0161anai<\/h4>\n                                <button class=\"item-toggle\" tabindex=\"-1\">\n                                    <svg xmlns=\"http:\/\/www.w3.org\/2000\/svg\" viewBox=\"0 0 20 20\" width=\"20\" height=\"20\" fill=\"none\"><path stroke=\"currentColor\" stroke-miterlimit=\"10\" stroke-width=\"1.2\" d=\"m2 7.475 6.178 6.287a2.558 2.558 0 0 0 3.644 0L18 7.475\"\/><\/svg>\n                                <\/button>\n                            <\/div>\n                            <div class=\"item-content\">\n                                <img decoding=\"async\" width=\"1024\" height=\"683\" src=\"https:\/\/www.finieris.com\/wp-content\/uploads\/2023\/12\/atbalsts-ukrainai-3-1024x683.jpg\" class=\"attachment-large size-large\" alt=\"Meitene att\u0113lo Banksy sienas gleznojumu Kijev\u0101\" srcset=\"https:\/\/www.finieris.com\/wp-content\/uploads\/2023\/12\/atbalsts-ukrainai-3-1024x683.jpg 1024w, https:\/\/www.finieris.com\/wp-content\/uploads\/2023\/12\/atbalsts-ukrainai-3-300x200.jpg 300w, https:\/\/www.finieris.com\/wp-content\/uploads\/2023\/12\/atbalsts-ukrainai-3-768x513.jpg 768w, https:\/\/www.finieris.com\/wp-content\/uploads\/2023\/12\/atbalsts-ukrainai-3-1536x1025.jpg 1536w, https:\/\/www.finieris.com\/wp-content\/uploads\/2023\/12\/atbalsts-ukrainai-3-2048x1367.jpg 2048w, https:\/\/www.finieris.com\/wp-content\/uploads\/2023\/12\/atbalsts-ukrainai-3-600x400.jpg 600w\" sizes=\"(max-width: 1024px) 100vw, 1024px\" \/><p>Ukrainas kult\u016bras mantojuma gl\u0101b\u0161anai ziedots gan m\u016bsu ra\u017eotais b\u0113rza sapl\u0101ksnis, gan ieg\u0101d\u0101ti da\u017e\u0101di materi\u0101li un instrumenti. Kult\u016bras mantojums atspogu\u013co katras n\u0101cijas identit\u0101ti, t\u0101p\u0113c konfliktsitu\u0101cij\u0101s t\u0101 saglab\u0101\u0161ana un atjauno\u0161ana ir \u012bpa\u0161i b\u016btiska. Ar\u012b Ukrainas partneri to atzinu\u0161i par vienu no v\u0113rt\u012bg\u0101kajiem ziedojumiem.<\/p>\n                            <\/div>\n                        <\/div>\n                                                                    <div class=\"tab-list-item \"\n                             data-tab-item=\"tab-5\">\n                            <div class=\"item-header\" tabindex=\"0\"\n                                 aria-expanded=\"false\"\n                                 aria-controls=\"tab-5\">\n                                <h4 class=\"color-reset\">Neatkar\u012bgas un kvalitat\u012bvas inform\u0101cijas apritei<\/h4>\n                                <button class=\"item-toggle\" tabindex=\"-1\">\n                                    <svg xmlns=\"http:\/\/www.w3.org\/2000\/svg\" viewBox=\"0 0 20 20\" width=\"20\" height=\"20\" fill=\"none\"><path stroke=\"currentColor\" stroke-miterlimit=\"10\" stroke-width=\"1.2\" d=\"m2 7.475 6.178 6.287a2.558 2.558 0 0 0 3.644 0L18 7.475\"\/><\/svg>\n                                <\/button>\n                            <\/div>\n                            <div class=\"item-content\">\n                                <p>Pateicoties &#8220;Latvijas Finiera&#8221; atbalstam, kop\u0161 2022. gada septembra vidus \u017eurn\u0101la &#8220;Ir&#8221; rakstu s\u0113rija &#8220;<a href=\"https:\/\/ir.lv\/kars-ukraina\" target=\"_blank\" rel=\"noopener\">Kar\u0161 Ukrain\u0101<\/a>&#8221; ikvienam las\u012bt\u0101jam pieejama bez maksas.<\/p>\n<a class=\"button button-secondary arrow-right color-reset\" href=\"https:\/\/ir.lv\/kars-ukraina\" title=\"Las\u012bt\" target=\"_blank\">Las\u012bt<svg xmlns=\"http:\/\/www.w3.org\/2000\/svg\" viewBox=\"0 0 14 14\" width=\"14\" height=\"14\" fill=\"none\"><g stroke=\"currentColor\" stroke-miterlimit=\"10\" stroke-width=\"1.2\"><path d=\"m7.657 13.181 4.838-4.753a1.968 1.968 0 0 0 0-2.804L7.657.87M.601 7h9.6\"\/><\/g><\/svg><\/a>                            <\/div>\n                        <\/div>\n                                                                    <div class=\"tab-list-item \"\n                             data-tab-item=\"tab-6\">\n                            <div class=\"item-header\" tabindex=\"0\"\n                                 aria-expanded=\"false\"\n                                 aria-controls=\"tab-6\">\n                                <h4 class=\"color-reset\">Demokr\u0101tiju un vienot\u012bbu uzturo\u0161u organiz\u0101ciju darb\u012bbai<\/h4>\n                                <button class=\"item-toggle\" tabindex=\"-1\">\n                                    <svg xmlns=\"http:\/\/www.w3.org\/2000\/svg\" viewBox=\"0 0 20 20\" width=\"20\" height=\"20\" fill=\"none\"><path stroke=\"currentColor\" stroke-miterlimit=\"10\" stroke-width=\"1.2\" d=\"m2 7.475 6.178 6.287a2.558 2.558 0 0 0 3.644 0L18 7.475\"\/><\/svg>\n                                <\/button>\n                            <\/div>\n                            <div class=\"item-content\">\n                                <img decoding=\"async\" width=\"1024\" height=\"683\" src=\"https:\/\/www.finieris.com\/wp-content\/uploads\/2023\/12\/atbalsts-ukrainai-4-1024x683.jpg\" class=\"attachment-large size-large\" alt=\"V\u012brie\u0161a seja, kas ap\u0161\u013cakst\u012bta ar dub\u013ciem, tuvpl\u0101n\u0101\" srcset=\"https:\/\/www.finieris.com\/wp-content\/uploads\/2023\/12\/atbalsts-ukrainai-4-1024x683.jpg 1024w, https:\/\/www.finieris.com\/wp-content\/uploads\/2023\/12\/atbalsts-ukrainai-4-300x200.jpg 300w, https:\/\/www.finieris.com\/wp-content\/uploads\/2023\/12\/atbalsts-ukrainai-4-768x512.jpg 768w, https:\/\/www.finieris.com\/wp-content\/uploads\/2023\/12\/atbalsts-ukrainai-4-1536x1024.jpg 1536w, https:\/\/www.finieris.com\/wp-content\/uploads\/2023\/12\/atbalsts-ukrainai-4-2048x1366.jpg 2048w, https:\/\/www.finieris.com\/wp-content\/uploads\/2023\/12\/atbalsts-ukrainai-4-600x400.jpg 600w\" sizes=\"(max-width: 1024px) 100vw, 1024px\" \/><p>Sadarb\u012bb\u0101 ar Latvijas Darba dev\u0113ju konfeder\u0101ciju (LDDK) sniegts tehnisk\u0101 nodro\u0161in\u0101juma atbalsts Ukrainas Darba dev\u0113ju feder\u0101cijas (Federation of Employers of Ukraine) p\u0101rst\u0101vjiem, k\u0101 ar\u012b nodro\u0161in\u0101ta iesp\u0113ja str\u0101d\u0101t LDDK telp\u0101s, uz laiku atrodoties Latvij\u0101. Ukrainas uz\u0146\u0113mumu person\u0101la vad\u012bt\u0101jiem dota iesp\u0113ja piedal\u012bties apm\u0101c\u012bba projekt\u0101 &#8220;Pieaugu\u0161o izgl\u012bt\u012bbas prasmju treneru apm\u0101c\u012bba&#8221;. Apjom\u012bgi ziedojumi novirz\u012bti caur Somijas Bazn\u012bcas pal\u012bdz\u012bbas fondu, kas b\u016btisku darbu iegulda iek\u0161zemes b\u0113g\u013cu izgl\u012bt\u012bbas organiz\u0113\u0161an\u0101 Ukrainas zieme\u013cos un rietumos. T\u0101pat fonds nodro\u0161ina b\u0113g\u013ciem p\u0101rtikas un higi\u0113nas preces.<\/p>\n                            <\/div>\n                        <\/div>\n                                                                            <\/div>\n            <\/div>\n        <\/div>\n            <\/div>\n<\/section>\n\n\n<section id=\"click-to-action-block_5829dfaac7328bd921e07b3b8ae64fe6\" class=\"block click-to-action bg-beige rounded-top-part\"\n    data-aos=\"fade-up\" data-aos-once=\"true\" data-aos-duration=\"500\">\n    <div class=\"container\" >\n                    <div class=\"click-to-action-wrapper\">\n                <div class=\"content\" data-aos=\"fade-in\" data-aos-duration=\"400\" data-aos-easing=\"ease-in-out\">\n                    <h3 style=\"text-align: left;\">Paldies visiem sadarb\u012bbas partneriem!<\/h3>\n<p>M\u0113s ticam, ka kop\u0101 varam \u0161o \u013caunumu uzvar\u0113t un noteikti turpin\u0101sim atbalst\u012bt Ukrainu, l\u012bdz kar\u0161 nav beidzies.<\/p>\n                <\/div>\n                                    <div class=\"button-wrapper\">\n                        <div class=\"button-container\"><\/div>                    <\/div>\n                            <\/div>\n            <\/div>\n<\/section>\n\n\n<section id=\"latest-news-block_66a51d3858beba5094c84e3d30f0bb8a\" class=\"block latest-news bg-white rounded-top-part\" data-latest-news-block\n        data-aos=\"fade-up\" data-aos-once=\"true\" data-aos-duration=\"500\">\n    <div class=\"container\" >\n        <div class=\"latest-news-section-title\">\n            <h2 data-aos=\"fade-up\" data-aos-duration=\"400\" data-aos-easing=\"ease-in-out\">Jaun\u0101k\u0101s zi\u0146as<\/h2>\n            <a data-aos=\"fade-up\" data-aos-duration=\"400\" data-aos-easing=\"ease-in-out\" href=\"https:\/\/www.finieris.com\/lv\/jaunumi\/\" title=\"R\u0101d\u012bt visas zi\u0146as\" class=\"color-reset button-secondary arrow-right\">R\u0101d\u012bt visas zi\u0146as<svg xmlns=\"http:\/\/www.w3.org\/2000\/svg\" viewBox=\"0 0 14 14\" width=\"14\" height=\"14\" fill=\"none\"><g stroke=\"currentColor\" stroke-miterlimit=\"10\" stroke-width=\"1.2\"><path d=\"m7.657 13.181 4.838-4.753a1.968 1.968 0 0 0 0-2.804L7.657.87M.601 7h9.6\"\/><\/g><\/svg><\/a>        <\/div>\n        <div class=\"row\">\n            <div class=\"col col-lg-6 card-col \" data-aos=\"fade-up\" data-aos-duration=\"400\" data-aos-easing=\"ease-in-out\"><article class=\"post listing-card editor-content\" id=\"16978\">\n    <div class=\"post-thumbnail\"><a href=\"https:\/\/www.finieris.com\/lv\/latvijas-finieris-sanem-lddk-gada-balvas-par-atbalstu-aizsardzibas-stiprinasanai-un-izglitibai\/\" title=\"\u201cLatvijas Finieris\u201d sa\u0146em LDDK Gada balvas par atbalstu aizsardz\u012bbas stiprin\u0101\u0161anai un izgl\u012bt\u012bbai\"><img decoding=\"async\" width=\"2000\" height=\"1097\" src=\"https:\/\/www.finieris.com\/wp-content\/uploads\/2025\/11\/LDDK_GadaBalva2025-278.jpg\" class=\"attachment-full size-full\" alt=\"LDDK Gada balva 20225\" srcset=\"https:\/\/www.finieris.com\/wp-content\/uploads\/2025\/11\/LDDK_GadaBalva2025-278.jpg 2000w, https:\/\/www.finieris.com\/wp-content\/uploads\/2025\/11\/LDDK_GadaBalva2025-278-300x165.jpg 300w, https:\/\/www.finieris.com\/wp-content\/uploads\/2025\/11\/LDDK_GadaBalva2025-278-1024x562.jpg 1024w, https:\/\/www.finieris.com\/wp-content\/uploads\/2025\/11\/LDDK_GadaBalva2025-278-768x421.jpg 768w, https:\/\/www.finieris.com\/wp-content\/uploads\/2025\/11\/LDDK_GadaBalva2025-278-1536x842.jpg 1536w, https:\/\/www.finieris.com\/wp-content\/uploads\/2025\/11\/LDDK_GadaBalva2025-278-600x329.jpg 600w\" sizes=\"(max-width: 2000px) 100vw, 2000px\" \/><\/a><\/div>    <div class=\"post-inner\">\n        <h2 class=\"post-title\">\n            <a href=\"https:\/\/www.finieris.com\/lv\/latvijas-finieris-sanem-lddk-gada-balvas-par-atbalstu-aizsardzibas-stiprinasanai-un-izglitibai\/\" title=\"\u201cLatvijas Finieris\u201d sa\u0146em LDDK Gada balvas par atbalstu aizsardz\u012bbas stiprin\u0101\u0161anai un izgl\u012bt\u012bbai\">\u201cLatvijas Finieris\u201d sa\u0146em LDDK Gada balvas par atbalstu aizsardz\u012bbas stiprin\u0101\u0161anai un izgl\u012bt\u012bbai<\/a>\n        <\/h2>\n        <div class=\"post-information\">\n            <span class=\"post-category\">Atbalsts Ukrainai &#8211; <\/span>            <span class=\"post-date\">14.11.2025<\/span>\n        <\/div>\n    <\/div>\n<\/article>\n<article class=\"post listing-card editor-content\" id=\"16838\">\n    <div class=\"post-thumbnail\"><a href=\"https:\/\/www.finieris.com\/lv\/ar-latvijas-finiera-atbalstu-izveidots-baltija-lielakais-iekstelpu-mikro-klases-taktisko-dronu-macibu-centrs\/\" title=\"Ar &#8220;Latvijas Finiera&#8221; atbalstu izveidots Baltij\u0101 liel\u0101kais iek\u0161telpu mikro klases taktisko dronu m\u0101c\u012bbu centrs\"><img decoding=\"async\" width=\"2048\" height=\"1365\" src=\"https:\/\/www.finieris.com\/wp-content\/uploads\/2025\/11\/577833766_1253853246763667_8281511941196814998_n.jpg\" class=\"attachment-full size-full\" alt=\"Dronu skola\" srcset=\"https:\/\/www.finieris.com\/wp-content\/uploads\/2025\/11\/577833766_1253853246763667_8281511941196814998_n.jpg 2048w, https:\/\/www.finieris.com\/wp-content\/uploads\/2025\/11\/577833766_1253853246763667_8281511941196814998_n-300x200.jpg 300w, https:\/\/www.finieris.com\/wp-content\/uploads\/2025\/11\/577833766_1253853246763667_8281511941196814998_n-1024x683.jpg 1024w, https:\/\/www.finieris.com\/wp-content\/uploads\/2025\/11\/577833766_1253853246763667_8281511941196814998_n-768x512.jpg 768w, https:\/\/www.finieris.com\/wp-content\/uploads\/2025\/11\/577833766_1253853246763667_8281511941196814998_n-1536x1024.jpg 1536w, https:\/\/www.finieris.com\/wp-content\/uploads\/2025\/11\/577833766_1253853246763667_8281511941196814998_n-600x400.jpg 600w\" sizes=\"(max-width: 2048px) 100vw, 2048px\" \/><\/a><\/div>    <div class=\"post-inner\">\n        <h2 class=\"post-title\">\n            <a href=\"https:\/\/www.finieris.com\/lv\/ar-latvijas-finiera-atbalstu-izveidots-baltija-lielakais-iekstelpu-mikro-klases-taktisko-dronu-macibu-centrs\/\" title=\"Ar &#8220;Latvijas Finiera&#8221; atbalstu izveidots Baltij\u0101 liel\u0101kais iek\u0161telpu mikro klases taktisko dronu m\u0101c\u012bbu centrs\">Ar &#8220;Latvijas Finiera&#8221; atbalstu izveidots Baltij\u0101 liel\u0101kais iek\u0161telpu mikro klases taktisko dronu m\u0101c\u012bbu centrs<\/a>\n        <\/h2>\n        <div class=\"post-information\">\n            <span class=\"post-category\">Soci\u0101l\u0101s iniciat\u012bvas &#8211; <\/span>            <span class=\"post-date\">10.11.2025<\/span>\n        <\/div>\n    <\/div>\n<\/article>\n<article class=\"post listing-card editor-content\" id=\"16093\">\n    <div class=\"post-thumbnail\"><a href=\"https:\/\/www.finieris.com\/lv\/as-latvijas-finieris-padomes-priekssedetajs-sanem-ukrainas-prezidenta-apbalvojumu-zelta-sirds\/\" title=\"AS \u201cLatvijas Finieris\u201d padomes priek\u0161s\u0113d\u0113t\u0101js sa\u0146em Ukrainas prezidenta apbalvojumu \u201cZelta sirds\u201d\"><img decoding=\"async\" width=\"1600\" height=\"1200\" src=\"https:\/\/www.finieris.com\/wp-content\/uploads\/2025\/06\/WhatsApp-attels-2025-06-27-plkst.-18.32.35_7d268fcd.jpg\" class=\"attachment-full size-full\" alt=\"2025. gada 27. j\u016bnij\u0101 AS \u201cLatvijas Finieris\u201d padomes priek\u0161s\u0113d\u0113t\u0101js Uldis Bi\u0137is svin\u012bgi sa\u0146\u0113ma Ukrainas prezidenta Volodimira Zelenska iedibin\u0101to augst\u0101ko br\u012bvpr\u0101t\u012bg\u0101 darba apbalvojumu \u201cZelta sirds\u201d.\" srcset=\"https:\/\/www.finieris.com\/wp-content\/uploads\/2025\/06\/WhatsApp-attels-2025-06-27-plkst.-18.32.35_7d268fcd.jpg 1600w, https:\/\/www.finieris.com\/wp-content\/uploads\/2025\/06\/WhatsApp-attels-2025-06-27-plkst.-18.32.35_7d268fcd-300x225.jpg 300w, https:\/\/www.finieris.com\/wp-content\/uploads\/2025\/06\/WhatsApp-attels-2025-06-27-plkst.-18.32.35_7d268fcd-1024x768.jpg 1024w, https:\/\/www.finieris.com\/wp-content\/uploads\/2025\/06\/WhatsApp-attels-2025-06-27-plkst.-18.32.35_7d268fcd-768x576.jpg 768w, https:\/\/www.finieris.com\/wp-content\/uploads\/2025\/06\/WhatsApp-attels-2025-06-27-plkst.-18.32.35_7d268fcd-1536x1152.jpg 1536w, https:\/\/www.finieris.com\/wp-content\/uploads\/2025\/06\/WhatsApp-attels-2025-06-27-plkst.-18.32.35_7d268fcd-600x450.jpg 600w\" sizes=\"(max-width: 1600px) 100vw, 1600px\" \/><\/a><\/div>    <div class=\"post-inner\">\n        <h2 class=\"post-title\">\n            <a href=\"https:\/\/www.finieris.com\/lv\/as-latvijas-finieris-padomes-priekssedetajs-sanem-ukrainas-prezidenta-apbalvojumu-zelta-sirds\/\" title=\"AS \u201cLatvijas Finieris\u201d padomes priek\u0161s\u0113d\u0113t\u0101js sa\u0146em Ukrainas prezidenta apbalvojumu \u201cZelta sirds\u201d\">AS \u201cLatvijas Finieris\u201d padomes priek\u0161s\u0113d\u0113t\u0101js sa\u0146em Ukrainas prezidenta apbalvojumu \u201cZelta sirds\u201d<\/a>\n        <\/h2>\n        <div class=\"post-information\">\n            <span class=\"post-category\">Atbalsts Ukrainai &#8211; <\/span>            <span class=\"post-date\">28.06.2025<\/span>\n        <\/div>\n    <\/div>\n<\/article>\n<\/div><div class=\"col col-lg-6 slider-container\" data-aos=\"fade-up\" data-aos-duration=\"400\" data-aos-easing=\"ease-in-out\"><div class=\"drag-notification color-reset\"><svg xmlns=\"http:\/\/www.w3.org\/2000\/svg\" viewBox=\"0 0 14 14\" width=\"14\" height=\"14\" fill=\"none\"><g stroke=\"currentColor\" stroke-miterlimit=\"10\" stroke-width=\"1.2\"><path d=\"M6.343.819 1.505 5.572a1.968 1.968 0 0 0 0 2.804l4.838 4.754M13.399 7h-9.6\"\/><\/g><\/svg>Velciet<svg xmlns=\"http:\/\/www.w3.org\/2000\/svg\" viewBox=\"0 0 14 14\" width=\"14\" height=\"14\" fill=\"none\"><g stroke=\"currentColor\" stroke-miterlimit=\"10\" stroke-width=\"1.2\"><path d=\"m7.657 13.181 4.838-4.753a1.968 1.968 0 0 0 0-2.804L7.657.87M.601 7h9.6\"\/><\/g><\/svg><\/div><div class=\"latest-news-wrapper\"><article class=\"post post-card editor-content\" id=\"15876\">\n    <div class=\"post-thumbnail\"><a href=\"https:\/\/www.finieris.com\/lv\/m-lacis-eiropas-komisijas-iestajas-pret-sankcionetu-koksnes-produktu-ieplusanu-no-kinas\/\" title=\"M. L\u0101cis: Eiropas Komisija iest\u0101jas pret sankcion\u0113tu koksnes produktu iepl\u016b\u0161anu no \u0136\u012bnas\"><img decoding=\"async\" width=\"2560\" height=\"1707\" src=\"https:\/\/www.finieris.com\/wp-content\/uploads\/2024\/09\/Martins-Lacis-LNB-2-scaled.jpg\" class=\"attachment-full size-full\" alt=\"M\u0101rti\u0146\u0161 L\u0101cis Valdes loceklis, Tirdzniec\u012bbas un lo\u0123istikas sektora vad\u012bt\u0101js\" srcset=\"https:\/\/www.finieris.com\/wp-content\/uploads\/2024\/09\/Martins-Lacis-LNB-2-scaled.jpg 2560w, https:\/\/www.finieris.com\/wp-content\/uploads\/2024\/09\/Martins-Lacis-LNB-2-300x200.jpg 300w, https:\/\/www.finieris.com\/wp-content\/uploads\/2024\/09\/Martins-Lacis-LNB-2-1024x683.jpg 1024w, https:\/\/www.finieris.com\/wp-content\/uploads\/2024\/09\/Martins-Lacis-LNB-2-768x512.jpg 768w, https:\/\/www.finieris.com\/wp-content\/uploads\/2024\/09\/Martins-Lacis-LNB-2-1536x1024.jpg 1536w, https:\/\/www.finieris.com\/wp-content\/uploads\/2024\/09\/Martins-Lacis-LNB-2-2048x1366.jpg 2048w, https:\/\/www.finieris.com\/wp-content\/uploads\/2024\/09\/Martins-Lacis-LNB-2-600x400.jpg 600w\" sizes=\"(max-width: 2560px) 100vw, 2560px\" \/><\/a><\/div>    <div class=\"post-inner\">\n        <h2 class=\"post-title\">\n            <a href=\"https:\/\/www.finieris.com\/lv\/m-lacis-eiropas-komisijas-iestajas-pret-sankcionetu-koksnes-produktu-ieplusanu-no-kinas\/\" title=\"M. L\u0101cis: Eiropas Komisija iest\u0101jas pret sankcion\u0113tu koksnes produktu iepl\u016b\u0161anu no \u0136\u012bnas\">M. L\u0101cis: Eiropas Komisija iest\u0101jas pret sankcion\u0113tu koksnes produktu iepl\u016b\u0161anu no \u0136\u012bnas<\/a>\n        <\/h2>\n        <div class=\"post-information\">\n                        <span class=\"post-category\">Sapl\u0101ksnis &#8211; <\/span>            <span class=\"post-date\">18.06.2025<\/span>\n        <\/div>\n    <\/div>\n<\/article>\n<article class=\"post post-card editor-content\" id=\"15767\">\n    <div class=\"post-thumbnail\"><a href=\"https:\/\/www.finieris.com\/lv\/sagatavots-as-latvijas-finieris-ilgtspejas-parskats-par-2024-gadu\/\" title=\"Sagatavots AS \u201cLatvijas Finieris\u201d ilgtsp\u0113jas p\u0101rskats par 2024. gadu\"><img decoding=\"async\" width=\"2560\" height=\"1703\" src=\"https:\/\/www.finieris.com\/wp-content\/uploads\/2010\/10\/GG09468-scaled.jpg\" class=\"attachment-full size-full\" alt=\"B\u0113rza stumbrs ar lapotiem zariem\" srcset=\"https:\/\/www.finieris.com\/wp-content\/uploads\/2010\/10\/GG09468-scaled.jpg 2560w, https:\/\/www.finieris.com\/wp-content\/uploads\/2010\/10\/GG09468-300x200.jpg 300w, https:\/\/www.finieris.com\/wp-content\/uploads\/2010\/10\/GG09468-1024x681.jpg 1024w, https:\/\/www.finieris.com\/wp-content\/uploads\/2010\/10\/GG09468-768x511.jpg 768w, https:\/\/www.finieris.com\/wp-content\/uploads\/2010\/10\/GG09468-1536x1022.jpg 1536w, https:\/\/www.finieris.com\/wp-content\/uploads\/2010\/10\/GG09468-2048x1363.jpg 2048w, https:\/\/www.finieris.com\/wp-content\/uploads\/2010\/10\/GG09468-600x399.jpg 600w\" sizes=\"(max-width: 2560px) 100vw, 2560px\" \/><\/a><\/div>    <div class=\"post-inner\">\n        <h2 class=\"post-title\">\n            <a href=\"https:\/\/www.finieris.com\/lv\/sagatavots-as-latvijas-finieris-ilgtspejas-parskats-par-2024-gadu\/\" title=\"Sagatavots AS \u201cLatvijas Finieris\u201d ilgtsp\u0113jas p\u0101rskats par 2024. gadu\">Sagatavots AS \u201cLatvijas Finieris\u201d ilgtsp\u0113jas p\u0101rskats par 2024. gadu<\/a>\n        <\/h2>\n        <div class=\"post-information\">\n                        <span class=\"post-category\">Ilgtsp\u0113ja &#8211; <\/span>            <span class=\"post-date\">10.06.2025<\/span>\n        <\/div>\n    <\/div>\n<\/article>\n<article class=\"post post-card editor-content\" id=\"14811\">\n    <div class=\"post-thumbnail\"><a href=\"https:\/\/www.finieris.com\/lv\/nelegala-saplaksna-imports-eiropa-draudi-sekas-un-risinajumi\/\" title=\"Neleg\u0101la sapl\u0101k\u0161\u0146a imports Eirop\u0101: draudi, sekas un risin\u0101jumi\"><img decoding=\"async\" width=\"2560\" height=\"1707\" src=\"https:\/\/www.finieris.com\/wp-content\/uploads\/2024\/09\/Martins-Lacis-LNB-2-scaled.jpg\" class=\"attachment-full size-full\" alt=\"M\u0101rti\u0146\u0161 L\u0101cis Valdes loceklis, Tirdzniec\u012bbas un lo\u0123istikas sektora vad\u012bt\u0101js\" srcset=\"https:\/\/www.finieris.com\/wp-content\/uploads\/2024\/09\/Martins-Lacis-LNB-2-scaled.jpg 2560w, https:\/\/www.finieris.com\/wp-content\/uploads\/2024\/09\/Martins-Lacis-LNB-2-300x200.jpg 300w, https:\/\/www.finieris.com\/wp-content\/uploads\/2024\/09\/Martins-Lacis-LNB-2-1024x683.jpg 1024w, https:\/\/www.finieris.com\/wp-content\/uploads\/2024\/09\/Martins-Lacis-LNB-2-768x512.jpg 768w, https:\/\/www.finieris.com\/wp-content\/uploads\/2024\/09\/Martins-Lacis-LNB-2-1536x1024.jpg 1536w, https:\/\/www.finieris.com\/wp-content\/uploads\/2024\/09\/Martins-Lacis-LNB-2-2048x1366.jpg 2048w, https:\/\/www.finieris.com\/wp-content\/uploads\/2024\/09\/Martins-Lacis-LNB-2-600x400.jpg 600w\" sizes=\"(max-width: 2560px) 100vw, 2560px\" \/><\/a><\/div>    <div class=\"post-inner\">\n        <h2 class=\"post-title\">\n            <a href=\"https:\/\/www.finieris.com\/lv\/nelegala-saplaksna-imports-eiropa-draudi-sekas-un-risinajumi\/\" title=\"Neleg\u0101la sapl\u0101k\u0161\u0146a imports Eirop\u0101: draudi, sekas un risin\u0101jumi\">Neleg\u0101la sapl\u0101k\u0161\u0146a imports Eirop\u0101: draudi, sekas un risin\u0101jumi<\/a>\n        <\/h2>\n        <div class=\"post-information\">\n                        <span class=\"post-category\">Sapl\u0101ksnis &#8211; <\/span>            <span class=\"post-date\">26.02.2025<\/span>\n        <\/div>\n    <\/div>\n<\/article>\n<article class=\"post post-card editor-content\" id=\"13943\">\n    <div class=\"post-thumbnail\"><a href=\"https:\/\/www.finieris.com\/lv\/as-latvijas-finieris-sanem-latvijas-darba-deveju-konfederacijas-gada-balvu\/\" title=\"AS \u201cLatvijas Finieris\u201d sa\u0146em Latvijas Darba dev\u0113ju konfeder\u0101cijas Gada balvu\"><img decoding=\"async\" width=\"2000\" height=\"1334\" src=\"https:\/\/www.finieris.com\/wp-content\/uploads\/2024\/11\/LDDK_GadaBalva2024-159.jpg\" class=\"attachment-full size-full\" alt=\"Anatolii Kutsevol, Ukrainas v\u0113stnieks Latvij\u0101 un Uldis Bi\u0137is, Padomes priek\u0161s\u0113d\u0113t\u0101js\" srcset=\"https:\/\/www.finieris.com\/wp-content\/uploads\/2024\/11\/LDDK_GadaBalva2024-159.jpg 2000w, https:\/\/www.finieris.com\/wp-content\/uploads\/2024\/11\/LDDK_GadaBalva2024-159-300x200.jpg 300w, https:\/\/www.finieris.com\/wp-content\/uploads\/2024\/11\/LDDK_GadaBalva2024-159-1024x683.jpg 1024w, https:\/\/www.finieris.com\/wp-content\/uploads\/2024\/11\/LDDK_GadaBalva2024-159-768x512.jpg 768w, https:\/\/www.finieris.com\/wp-content\/uploads\/2024\/11\/LDDK_GadaBalva2024-159-1536x1025.jpg 1536w, https:\/\/www.finieris.com\/wp-content\/uploads\/2024\/11\/LDDK_GadaBalva2024-159-600x400.jpg 600w\" sizes=\"(max-width: 2000px) 100vw, 2000px\" \/><\/a><\/div>    <div class=\"post-inner\">\n        <h2 class=\"post-title\">\n            <a href=\"https:\/\/www.finieris.com\/lv\/as-latvijas-finieris-sanem-latvijas-darba-deveju-konfederacijas-gada-balvu\/\" title=\"AS \u201cLatvijas Finieris\u201d sa\u0146em Latvijas Darba dev\u0113ju konfeder\u0101cijas Gada balvu\">AS \u201cLatvijas Finieris\u201d sa\u0146em Latvijas Darba dev\u0113ju konfeder\u0101cijas Gada balvu<\/a>\n        <\/h2>\n        <div class=\"post-information\">\n                        <span class=\"post-category\">Atbalsts Ukrainai &#8211; <\/span>            <span class=\"post-date\">20.11.2024<\/span>\n        <\/div>\n    <\/div>\n<\/article>\n<\/div><div class=\"slider-dots\"><\/div><\/div>        <\/div>\n    <\/div>\n<\/section>\n","protected":false},"excerpt":{"rendered":"","protected":false},"author":3,"featured_media":2812,"parent":2549,"menu_order":0,"comment_status":"closed","ping_status":"closed","template":"","meta":{"_acf_changed":false,"footnotes":""},"categories":[],"class_list":["post-2827","page","type-page","status-publish","has-post-thumbnail","hentry"],"acf":[],"yoast_head":"<!-- This site is optimized with the Yoast SEO Premium plugin v27.2 (Yoast SEO v27.2) - https:\/\/yoast.com\/product\/yoast-seo-premium-wordpress\/ -->\n<title>Atbalsts Ukrainai - Latvijas Finieris<\/title>\n<meta name=\"description\" content=\"Nosodot karu un atbalstot Ukrainu: Latvijas Finiera pal\u012bdz\u012bbu novirza ukrai\u0146u tautai un stabiliem attiec\u012bbu p\u0101rtrauk\u0161anas l\u0113mumiem ar agresorvalsti.\" \/>\n<meta name=\"robots\" content=\"index, follow, max-snippet:-1, max-image-preview:large, max-video-preview:-1\" \/>\n<link rel=\"canonical\" href=\"https:\/\/www.finieris.com\/lv\/atbildiba\/socialas-iniciativas\/atbalsts-ukrainai-2\/\" \/>\n<meta property=\"og:locale\" content=\"lv_LV\" \/>\n<meta property=\"og:type\" content=\"article\" \/>\n<meta property=\"og:title\" content=\"Atbalsts Ukrainai\" \/>\n<meta property=\"og:description\" content=\"Nosodot karu un atbalstot Ukrainu: Latvijas Finiera pal\u012bdz\u012bbu novirza ukrai\u0146u tautai un stabiliem attiec\u012bbu p\u0101rtrauk\u0161anas l\u0113mumiem ar agresorvalsti.\" \/>\n<meta property=\"og:url\" content=\"https:\/\/www.finieris.com\/lv\/atbildiba\/socialas-iniciativas\/atbalsts-ukrainai-2\/\" \/>\n<meta property=\"og:site_name\" content=\"Latvijas Finieris\" \/>\n<meta property=\"article:publisher\" content=\"https:\/\/www.facebook.com\/Finieris\/\" \/>\n<meta property=\"article:modified_time\" content=\"2026-01-12T08:25:51+00:00\" \/>\n<meta property=\"og:image\" content=\"https:\/\/www.finieris.com\/wp-content\/uploads\/2023\/12\/atbalsts-ukranai.jpg\" \/>\n\t<meta property=\"og:image:width\" content=\"1920\" \/>\n\t<meta property=\"og:image:height\" content=\"1280\" \/>\n\t<meta property=\"og:image:type\" content=\"image\/jpeg\" \/>\n<meta name=\"twitter:card\" content=\"summary_large_image\" \/>\n<meta name=\"twitter:label1\" content=\"Est. reading time\" \/>\n\t<meta name=\"twitter:data1\" content=\"8 minutes\" \/>\n<script type=\"application\/ld+json\" class=\"yoast-schema-graph\">{\"@context\":\"https:\/\/schema.org\",\"@graph\":[{\"@type\":\"WebPage\",\"@id\":\"https:\/\/www.finieris.com\/lv\/atbildiba\/socialas-iniciativas\/atbalsts-ukrainai-2\/\",\"url\":\"https:\/\/www.finieris.com\/lv\/atbildiba\/socialas-iniciativas\/atbalsts-ukrainai-2\/\",\"name\":\"Atbalsts Ukrainai - Latvijas Finieris\",\"isPartOf\":{\"@id\":\"https:\/\/www.finieris.com\/lv\/#website\"},\"primaryImageOfPage\":{\"@id\":\"https:\/\/www.finieris.com\/lv\/atbildiba\/socialas-iniciativas\/atbalsts-ukrainai-2\/#primaryimage\"},\"image\":{\"@id\":\"https:\/\/www.finieris.com\/lv\/atbildiba\/socialas-iniciativas\/atbalsts-ukrainai-2\/#primaryimage\"},\"thumbnailUrl\":\"https:\/\/www.finieris.com\/wp-content\/uploads\/2023\/12\/atbalsts-ukranai.jpg\",\"datePublished\":\"2023-12-03T18:39:59+00:00\",\"dateModified\":\"2026-01-12T08:25:51+00:00\",\"description\":\"Nosodot karu un atbalstot Ukrainu: Latvijas Finiera pal\u012bdz\u012bbu novirza ukrai\u0146u tautai un stabiliem attiec\u012bbu p\u0101rtrauk\u0161anas l\u0113mumiem ar agresorvalsti.\",\"breadcrumb\":{\"@id\":\"https:\/\/www.finieris.com\/lv\/atbildiba\/socialas-iniciativas\/atbalsts-ukrainai-2\/#breadcrumb\"},\"inLanguage\":\"lv-LV\",\"potentialAction\":[{\"@type\":\"ReadAction\",\"target\":[\"https:\/\/www.finieris.com\/lv\/atbildiba\/socialas-iniciativas\/atbalsts-ukrainai-2\/\"]}]},{\"@type\":\"ImageObject\",\"inLanguage\":\"lv-LV\",\"@id\":\"https:\/\/www.finieris.com\/lv\/atbildiba\/socialas-iniciativas\/atbalsts-ukrainai-2\/#primaryimage\",\"url\":\"https:\/\/www.finieris.com\/wp-content\/uploads\/2023\/12\/atbalsts-ukranai.jpg\",\"contentUrl\":\"https:\/\/www.finieris.com\/wp-content\/uploads\/2023\/12\/atbalsts-ukranai.jpg\",\"width\":1920,\"height\":1280,\"caption\":\"Atbalsts Ukrainai\"},{\"@type\":\"BreadcrumbList\",\"@id\":\"https:\/\/www.finieris.com\/lv\/atbildiba\/socialas-iniciativas\/atbalsts-ukrainai-2\/#breadcrumb\",\"itemListElement\":[{\"@type\":\"ListItem\",\"position\":1,\"name\":\"Home\",\"item\":\"https:\/\/www.finieris.com\/lv\/\"},{\"@type\":\"ListItem\",\"position\":2,\"name\":\"Atbild\u012bba\",\"item\":\"https:\/\/www.finieris.com\/lv\/atbildiba\/\"},{\"@type\":\"ListItem\",\"position\":3,\"name\":\"Atbalsts sabiedr\u012bbai\",\"item\":\"https:\/\/www.finieris.com\/lv\/atbildiba\/socialas-iniciativas\/\"},{\"@type\":\"ListItem\",\"position\":4,\"name\":\"Atbalsts Ukrainai\"}]},{\"@type\":\"WebSite\",\"@id\":\"https:\/\/www.finieris.com\/lv\/#website\",\"url\":\"https:\/\/www.finieris.com\/lv\/\",\"name\":\"Latvijas Finieris\",\"description\":\"Leading the way in sustainable forestry\",\"publisher\":{\"@id\":\"https:\/\/www.finieris.com\/lv\/#organization\"},\"potentialAction\":[{\"@type\":\"SearchAction\",\"target\":{\"@type\":\"EntryPoint\",\"urlTemplate\":\"https:\/\/www.finieris.com\/lv\/?s={search_term_string}\"},\"query-input\":{\"@type\":\"PropertyValueSpecification\",\"valueRequired\":true,\"valueName\":\"search_term_string\"}}],\"inLanguage\":\"lv-LV\"},{\"@type\":\"Organization\",\"@id\":\"https:\/\/www.finieris.com\/lv\/#organization\",\"name\":\"Latvijas Finieris\",\"alternateName\":\"Riga Wood\",\"url\":\"https:\/\/www.finieris.com\/lv\/\",\"logo\":{\"@type\":\"ImageObject\",\"inLanguage\":\"lv-LV\",\"@id\":\"https:\/\/www.finieris.com\/lv\/#\/schema\/logo\/image\/\",\"url\":\"https:\/\/www.finieris.com\/wp-content\/uploads\/2023\/08\/finieris-logo.svg\",\"contentUrl\":\"https:\/\/www.finieris.com\/wp-content\/uploads\/2023\/08\/finieris-logo.svg\",\"width\":1,\"height\":1,\"caption\":\"Latvijas Finieris\"},\"image\":{\"@id\":\"https:\/\/www.finieris.com\/lv\/#\/schema\/logo\/image\/\"},\"sameAs\":[\"https:\/\/www.facebook.com\/Finieris\/\",\"https:\/\/lv.linkedin.com\/company\/latvijas-finieris\",\"https:\/\/www.youtube.com\/c\/LatvijasFinierisAS\"]}]}<\/script>\n<!-- \/ Yoast SEO Premium plugin. -->","yoast_head_json":{"title":"Atbalsts Ukrainai - Latvijas Finieris","description":"Nosodot karu un atbalstot Ukrainu: Latvijas Finiera pal\u012bdz\u012bbu novirza ukrai\u0146u tautai un stabiliem attiec\u012bbu p\u0101rtrauk\u0161anas l\u0113mumiem ar agresorvalsti.","robots":{"index":"index","follow":"follow","max-snippet":"max-snippet:-1","max-image-preview":"max-image-preview:large","max-video-preview":"max-video-preview:-1"},"canonical":"https:\/\/www.finieris.com\/lv\/atbildiba\/socialas-iniciativas\/atbalsts-ukrainai-2\/","og_locale":"lv_LV","og_type":"article","og_title":"Atbalsts Ukrainai","og_description":"Nosodot karu un atbalstot Ukrainu: Latvijas Finiera pal\u012bdz\u012bbu novirza ukrai\u0146u tautai un stabiliem attiec\u012bbu p\u0101rtrauk\u0161anas l\u0113mumiem ar agresorvalsti.","og_url":"https:\/\/www.finieris.com\/lv\/atbildiba\/socialas-iniciativas\/atbalsts-ukrainai-2\/","og_site_name":"Latvijas Finieris","article_publisher":"https:\/\/www.facebook.com\/Finieris\/","article_modified_time":"2026-01-12T08:25:51+00:00","og_image":[{"width":1920,"height":1280,"url":"https:\/\/www.finieris.com\/wp-content\/uploads\/2023\/12\/atbalsts-ukranai.jpg","type":"image\/jpeg"}],"twitter_card":"summary_large_image","twitter_misc":{"Est. reading time":"8 minutes"},"schema":{"@context":"https:\/\/schema.org","@graph":[{"@type":"WebPage","@id":"https:\/\/www.finieris.com\/lv\/atbildiba\/socialas-iniciativas\/atbalsts-ukrainai-2\/","url":"https:\/\/www.finieris.com\/lv\/atbildiba\/socialas-iniciativas\/atbalsts-ukrainai-2\/","name":"Atbalsts Ukrainai - Latvijas Finieris","isPartOf":{"@id":"https:\/\/www.finieris.com\/lv\/#website"},"primaryImageOfPage":{"@id":"https:\/\/www.finieris.com\/lv\/atbildiba\/socialas-iniciativas\/atbalsts-ukrainai-2\/#primaryimage"},"image":{"@id":"https:\/\/www.finieris.com\/lv\/atbildiba\/socialas-iniciativas\/atbalsts-ukrainai-2\/#primaryimage"},"thumbnailUrl":"https:\/\/www.finieris.com\/wp-content\/uploads\/2023\/12\/atbalsts-ukranai.jpg","datePublished":"2023-12-03T18:39:59+00:00","dateModified":"2026-01-12T08:25:51+00:00","description":"Nosodot karu un atbalstot Ukrainu: Latvijas Finiera pal\u012bdz\u012bbu novirza ukrai\u0146u tautai un stabiliem attiec\u012bbu p\u0101rtrauk\u0161anas l\u0113mumiem ar agresorvalsti.","breadcrumb":{"@id":"https:\/\/www.finieris.com\/lv\/atbildiba\/socialas-iniciativas\/atbalsts-ukrainai-2\/#breadcrumb"},"inLanguage":"lv-LV","potentialAction":[{"@type":"ReadAction","target":["https:\/\/www.finieris.com\/lv\/atbildiba\/socialas-iniciativas\/atbalsts-ukrainai-2\/"]}]},{"@type":"ImageObject","inLanguage":"lv-LV","@id":"https:\/\/www.finieris.com\/lv\/atbildiba\/socialas-iniciativas\/atbalsts-ukrainai-2\/#primaryimage","url":"https:\/\/www.finieris.com\/wp-content\/uploads\/2023\/12\/atbalsts-ukranai.jpg","contentUrl":"https:\/\/www.finieris.com\/wp-content\/uploads\/2023\/12\/atbalsts-ukranai.jpg","width":1920,"height":1280,"caption":"Atbalsts Ukrainai"},{"@type":"BreadcrumbList","@id":"https:\/\/www.finieris.com\/lv\/atbildiba\/socialas-iniciativas\/atbalsts-ukrainai-2\/#breadcrumb","itemListElement":[{"@type":"ListItem","position":1,"name":"Home","item":"https:\/\/www.finieris.com\/lv\/"},{"@type":"ListItem","position":2,"name":"Atbild\u012bba","item":"https:\/\/www.finieris.com\/lv\/atbildiba\/"},{"@type":"ListItem","position":3,"name":"Atbalsts sabiedr\u012bbai","item":"https:\/\/www.finieris.com\/lv\/atbildiba\/socialas-iniciativas\/"},{"@type":"ListItem","position":4,"name":"Atbalsts Ukrainai"}]},{"@type":"WebSite","@id":"https:\/\/www.finieris.com\/lv\/#website","url":"https:\/\/www.finieris.com\/lv\/","name":"Latvijas Finieris","description":"Leading the way in sustainable forestry","publisher":{"@id":"https:\/\/www.finieris.com\/lv\/#organization"},"potentialAction":[{"@type":"SearchAction","target":{"@type":"EntryPoint","urlTemplate":"https:\/\/www.finieris.com\/lv\/?s={search_term_string}"},"query-input":{"@type":"PropertyValueSpecification","valueRequired":true,"valueName":"search_term_string"}}],"inLanguage":"lv-LV"},{"@type":"Organization","@id":"https:\/\/www.finieris.com\/lv\/#organization","name":"Latvijas Finieris","alternateName":"Riga Wood","url":"https:\/\/www.finieris.com\/lv\/","logo":{"@type":"ImageObject","inLanguage":"lv-LV","@id":"https:\/\/www.finieris.com\/lv\/#\/schema\/logo\/image\/","url":"https:\/\/www.finieris.com\/wp-content\/uploads\/2023\/08\/finieris-logo.svg","contentUrl":"https:\/\/www.finieris.com\/wp-content\/uploads\/2023\/08\/finieris-logo.svg","width":1,"height":1,"caption":"Latvijas Finieris"},"image":{"@id":"https:\/\/www.finieris.com\/lv\/#\/schema\/logo\/image\/"},"sameAs":["https:\/\/www.facebook.com\/Finieris\/","https:\/\/lv.linkedin.com\/company\/latvijas-finieris","https:\/\/www.youtube.com\/c\/LatvijasFinierisAS"]}]}},"_links":{"self":[{"href":"https:\/\/www.finieris.com\/lv\/wp-json\/wp\/v2\/pages\/2827","targetHints":{"allow":["GET"]}}],"collection":[{"href":"https:\/\/www.finieris.com\/lv\/wp-json\/wp\/v2\/pages"}],"about":[{"href":"https:\/\/www.finieris.com\/lv\/wp-json\/wp\/v2\/types\/page"}],"author":[{"embeddable":true,"href":"https:\/\/www.finieris.com\/lv\/wp-json\/wp\/v2\/users\/3"}],"replies":[{"embeddable":true,"href":"https:\/\/www.finieris.com\/lv\/wp-json\/wp\/v2\/comments?post=2827"}],"version-history":[{"count":65,"href":"https:\/\/www.finieris.com\/lv\/wp-json\/wp\/v2\/pages\/2827\/revisions"}],"predecessor-version":[{"id":17401,"href":"https:\/\/www.finieris.com\/lv\/wp-json\/wp\/v2\/pages\/2827\/revisions\/17401"}],"up":[{"embeddable":true,"href":"https:\/\/www.finieris.com\/lv\/wp-json\/wp\/v2\/pages\/2549"}],"wp:featuredmedia":[{"embeddable":true,"href":"https:\/\/www.finieris.com\/lv\/wp-json\/wp\/v2\/media\/2812"}],"wp:attachment":[{"href":"https:\/\/www.finieris.com\/lv\/wp-json\/wp\/v2\/media?parent=2827"}],"wp:term":[{"taxonomy":"category","embeddable":true,"href":"https:\/\/www.finieris.com\/lv\/wp-json\/wp\/v2\/categories?post=2827"}],"curies":[{"name":"wp","href":"https:\/\/api.w.org\/{rel}","templated":true}]}}